{"id":8,"date":"2019-07-23T17:25:05","date_gmt":"2019-07-23T17:25:05","guid":{"rendered":"https:\/\/201907231919.pre.elionter.net\/?page_id=2"},"modified":"2026-01-29T13:03:02","modified_gmt":"2026-01-29T13:03:02","slug":"klavierkonzerte-solo-duo-trio-buchen","status":"publish","type":"page","link":"https:\/\/christinabach.com\/?page_id=8","title":{"rendered":"Konzerte"},"content":{"rendered":"\n<p class=\"has-medium-font-size\">Freitag, 30. Januar 2026, 19.30 Uhr RAUM F\u00dcR KULTUR<\/p>\n\n\n\n<p>Harscampstr. 52b, 52062<\/p>\n\n\n\n<figure class=\"wp-block-image size-full\"><img decoding=\"async\" src=\"https:\/\/christinabach.com\/wp-content\/uploads\/2026\/01\/Plakat_Raum_fuer_Kultur_knallvergnuegt_MAIL-1.pdf\" alt=\"\" class=\"wp-image-240\"\/><\/figure>\n\n\n\n<p><\/p>\n\n\n\n<p><\/p>\n\n\n\n<p><strong>Freitag, 31. Oktober, 20 Uhr RAUM F\u00dcR KULTUR<\/strong><\/p>\n\n\n\n<p>Harscampstr. 52 b, 52062 Aachen<\/p>\n\n\n\n<p>Eintritt frei<\/p>\n\n\n\n<p><a href=\"http:\/\/raum-fuer-kultur.eu\">http:\/\/raum-fuer-kultur.eu<\/a><\/p>\n\n\n\n<p><\/p>\n\n\n\n<p class=\"has-vivid-cyan-blue-color has-text-color has-link-color wp-elements-534820f9db5d70b5550c7cbd601239ee\"><strong>QUERBEET<\/strong><\/p>\n\n\n\n<p>4-h\u00e4ndige Klaviermusik von der Romantik bis Tango mit dem <\/p>\n\n\n\n<p>Klavierduo Christina Bach und Dorothea Schridde<\/p>\n\n\n\n<p>Seit bald 20 Jahren verbindet die beiden Pianistinnen eine fruchtbare musikalische Freundschaft, die ihren Ausdruck in bunten Konzertprogrammen findet, mit denen sie ihr Publikum immer wieder begeistern. Der musikalische Dialog ist ihnen eine Herzensangelegenheit und so ist ihr Ziel, zu zweit eine musikalische Einheit zu erreichen. Dazu nutzen sie ein Repertoire von Bach bis Piazzolla. Besonders f\u00fcr die Tangos teilen die beiden Musikerinnen eine Leidenschaft, die sich h\u00f6rbar niederschl\u00e4gt in intensiver Spielfreude. Sie wissen die melancholischen Tiefen ebenso auszuloten, wie die rhythmische Vitalit\u00e4t ins Grooven zu bringen. Dieses pianistische Feuerwerk wirkt ansteckend.<\/p>\n\n\n\n<p>Auf dem Programm stehen Werke von Brahms, Ravel, Piazzolla u.a.<\/p>\n\n\n\n<figure class=\"wp-block-image size-large\"><img loading=\"lazy\" decoding=\"async\" width=\"665\" height=\"1024\" src=\"https:\/\/christinabach.com\/wp-content\/uploads\/2025\/10\/Dorothea-und-Christina-2024-665x1024.jpg\" alt=\"\" class=\"wp-image-227\" srcset=\"https:\/\/christinabach.com\/wp-content\/uploads\/2025\/10\/Dorothea-und-Christina-2024-665x1024.jpg 665w, https:\/\/christinabach.com\/wp-content\/uploads\/2025\/10\/Dorothea-und-Christina-2024-195x300.jpg 195w, https:\/\/christinabach.com\/wp-content\/uploads\/2025\/10\/Dorothea-und-Christina-2024-768x1182.jpg 768w, https:\/\/christinabach.com\/wp-content\/uploads\/2025\/10\/Dorothea-und-Christina-2024-998x1536.jpg 998w, https:\/\/christinabach.com\/wp-content\/uploads\/2025\/10\/Dorothea-und-Christina-2024-1331x2048.jpg 1331w, https:\/\/christinabach.com\/wp-content\/uploads\/2025\/10\/Dorothea-und-Christina-2024-scaled.jpg 1664w\" sizes=\"auto, (max-width: 665px) 100vw, 665px\" \/><\/figure>\n\n\n\n<p>Dorothea Schridde und Christina Bach<\/p>\n\n\n\n<p><\/p>\n\n\n\n<p><\/p>\n\n\n\n<p><strong>Sonntag, 9. November, 18 Uhr Trinitatiskirche <\/strong><\/p>\n\n\n\n<p>Brahmsstr. 14, Bonn-Endenich<\/p>\n\n\n\n<p><strong>BENEFIZKONZERT F\u00dcR DIE TELEFONSEELSORGE BONN\/RHEIN-SIEG<\/strong><\/p>\n\n\n\n<p>Eintritt frei\/um Spenden wird gebeten<\/p>\n\n\n\n<p><\/p>\n\n\n\n<p class=\"has-vivid-cyan-blue-color has-text-color has-link-color wp-elements-534820f9db5d70b5550c7cbd601239ee\"><strong>QUERBEET<\/strong><\/p>\n\n\n\n<p><a href=\"https:\/\/ts-bonn-rhein-sieg.de\">https:\/\/ts-bonn-rhein-sieg.de<\/a><\/p>\n\n\n\n<figure class=\"wp-block-image size-full\"><img decoding=\"async\" src=\"https:\/\/christinabach.com\/wp-content\/uploads\/2025\/10\/Benefizkonzert-11-2025-2.1-1.pdf\" alt=\"\" class=\"wp-image-231\"\/><\/figure>\n\n\n\n<p><\/p>\n\n\n\n<p><\/p>\n\n\n\n<p><strong>Sonntag, 6. Juli 2025, 17 Uhr Historischer Gemeindesaal<\/strong><\/p>\n\n\n\n<p><\/p>\n\n\n\n<p>Kronprinzenstra\u00dfe 31, 53173 Bonn<\/p>\n\n\n\n<p><em>Eintritt frei<\/em><\/p>\n\n\n\n<p><a href=\"https:\/\/www.erloeserkirchengemeinde.de\">https:\/\/www.erloeserkirchengemeinde.de<\/a><\/p>\n\n\n\n<p class=\"has-vivid-cyan-blue-color has-text-color has-link-color wp-elements-a8797aaa2323a1dacc8d75c1d51a2880\"><strong>WARUM IST ES AM RHEIN SO SCH\u00d6N?<\/strong><\/p>\n\n\n\n<p><\/p>\n\n\n\n<p><\/p>\n\n\n\n<p><strong>Freitag, 5. September 2025, 19.30 Klavierhaus Klavins<\/strong><\/p>\n\n\n\n<p>Auguststra\u00dfe 26-28, 53229 Bonn-Beuel<\/p>\n\n\n\n<p><a href=\"https:\/\/www.klavierhaus-klavins.de\/veranstaltungen#warum-ist-es-am-rhein-so-schoen-571\">https:\/\/www.klavierhaus-klavins.de\/veranstaltungen#warum-ist-es-am-rhein-so-schoen-571<\/a><\/p>\n\n\n\n<p class=\"has-vivid-cyan-blue-color has-text-color has-link-color wp-elements-a8797aaa2323a1dacc8d75c1d51a2880\"><strong>WARUM IST ES AM RHEIN SO SCH\u00d6N?<\/strong><\/p>\n\n\n\n<figure class=\"wp-block-image size-full\"><img loading=\"lazy\" decoding=\"async\" width=\"1024\" height=\"768\" src=\"https:\/\/christinabach.com\/wp-content\/uploads\/2025\/07\/Foto-Maria-Regina-und-Christina.jpg\" alt=\"\" class=\"wp-image-222\" srcset=\"https:\/\/christinabach.com\/wp-content\/uploads\/2025\/07\/Foto-Maria-Regina-und-Christina.jpg 1024w, https:\/\/christinabach.com\/wp-content\/uploads\/2025\/07\/Foto-Maria-Regina-und-Christina-300x225.jpg 300w, https:\/\/christinabach.com\/wp-content\/uploads\/2025\/07\/Foto-Maria-Regina-und-Christina-768x576.jpg 768w\" sizes=\"auto, (max-width: 767px) 89vw, (max-width: 1000px) 54vw, (max-width: 1071px) 543px, 580px\" \/><\/figure>\n\n\n\n<p>Foto privat<\/p>\n\n\n\n<p><\/p>\n\n\n\n<p><strong>Sonntag, 23. M\u00e4rz 2025,  18 Uhr<\/strong> RAUM F\u00dcR KULTUR <\/p>\n\n\n\n<p><\/p>\n\n\n\n<p>Harscampstr. 52b, 52062 Aachen<\/p>\n\n\n\n<p><a href=\"http:\/\/www.raum-fuer-kultur.eu\">http:\/\/www.raum-fuer-kultur.eu<\/a><\/p>\n\n\n\n<p class=\"has-vivid-cyan-blue-color has-text-color has-link-color wp-elements-6ae879da556a89bbbeb9d1bafc5fcccb\"><strong>MUSIKALISCHE RHEINREISE<\/strong><\/p>\n\n\n\n<p>Was gibt es Sch\u00f6neres als ein Programm \u00fcber den Rhein vorzustellen \u2013 mit seiner Geschichte, seinen Geschichten und Besonderheiten.<\/p>\n\n\n\n<p>Erleben Sie den Rhein aus einer neuen Perspektive: Maria Regina Heyne und Christina Bach nehmen Sie mit auf eine besondere Reise, die Musik, Gesang und Literatur verbindet. Mit stimmungsvollen Klavierkl\u00e4ngen, eindrucksvollen Liedern und ausgew\u00e4hlten Gedichten lassen sie die Landschaft und die Geschichte des Rheins lebendig werden. Tauchen Sie ein in eine Welt voller Kultur und Klang \u2013 eine Rheinreise, die zum Nachdenken und Genie\u00dfen einl\u00e4dt.<\/p>\n\n\n\n<p>Maria Regina Heyne, Sopran&nbsp;Christina Bach, Klavier und Rezitation<\/p>\n\n\n\n<p>Eintritt frei, um Spenden f\u00fcr die Musikerinnen wird reichlich gebeten.<\/p>\n\n\n\n<p><\/p>\n\n\n\n<p><strong>Samstag, 22. M\u00e4rz 2025 ab 11.30 Uhr<\/strong> China-Restaurant Gourmet-Garten Alfterer Str. 2, 53347 Alfter<\/p>\n\n\n\n<figure class=\"wp-block-image size-large\"><img loading=\"lazy\" decoding=\"async\" width=\"719\" height=\"1024\" src=\"https:\/\/christinabach.com\/wp-content\/uploads\/2025\/03\/image-719x1024.png\" alt=\"\" class=\"wp-image-210\" srcset=\"https:\/\/christinabach.com\/wp-content\/uploads\/2025\/03\/image-719x1024.png 719w, https:\/\/christinabach.com\/wp-content\/uploads\/2025\/03\/image-211x300.png 211w, https:\/\/christinabach.com\/wp-content\/uploads\/2025\/03\/image.png 730w\" sizes=\"auto, (max-width: 719px) 100vw, 719px\" \/><\/figure>\n\n\n\n<p><\/p>\n\n\n\n<p><\/p>\n\n\n\n<p><strong>Fr. 11. Oktober 2024, 18 Uhr <\/strong>Siebengebirgsmuseum, Kellerstr. 16, K\u00f6nigswinter<\/p>\n\n\n\n<p><strong>Musikalische Rheinreise<\/strong><\/p>\n\n\n\n<p>Erleben Sie den Rhein aus einer neuen Perspektive: Maria Regina Heyne (Gesang) und Christina Bach (Klavier) nehmen Sie mit auf eine besondere Reise, die Musik, Gesang und Literatur verbindet. Mit stimmungsvollen Klavierkl\u00e4ngen, eindrucksvollen Liedern und ausgew\u00e4hlten Gedichten lassen sie die Landschaft und die Geschichte des Rheins lebendig werden. Tauchen Sie ein in eine Welt voller Kultur und Klang \u2013 eine Rheinreise, die zum Nachdenken und Genie\u00dfen einl\u00e4dt.<\/p>\n\n\n\n<p>Veranstaltung des Heimatvereins Siebengebirge e. V.<\/p>\n\n\n\n<figure class=\"wp-block-image size-large\"><img loading=\"lazy\" decoding=\"async\" width=\"768\" height=\"1024\" src=\"https:\/\/christinabach.com\/wp-content\/uploads\/2024\/12\/Bild-Siebengebirgsmuseum-2-768x1024.jpg\" alt=\"\" class=\"wp-image-182\" srcset=\"https:\/\/christinabach.com\/wp-content\/uploads\/2024\/12\/Bild-Siebengebirgsmuseum-2-768x1024.jpg 768w, https:\/\/christinabach.com\/wp-content\/uploads\/2024\/12\/Bild-Siebengebirgsmuseum-2-225x300.jpg 225w, https:\/\/christinabach.com\/wp-content\/uploads\/2024\/12\/Bild-Siebengebirgsmuseum-2-1152x1536.jpg 1152w, https:\/\/christinabach.com\/wp-content\/uploads\/2024\/12\/Bild-Siebengebirgsmuseum-2-1536x2048.jpg 1536w, https:\/\/christinabach.com\/wp-content\/uploads\/2024\/12\/Bild-Siebengebirgsmuseum-2-scaled.jpg 1920w\" sizes=\"auto, (max-width: 767px) 89vw, (max-width: 1000px) 54vw, (max-width: 1071px) 543px, 580px\" \/><\/figure>\n\n\n\n<h1 class=\"wp-block-heading\">06.10.2024: Bruckner mit 40 Fingern<\/h1>\n\n\n<div class=\"wp-block-image\">\n<figure class=\"alignright\"><a href=\"https:\/\/lutherkirche-bonn.ekir.de\/wp-content\/uploads\/2024\/09\/2024-10-06-Benefizkonzert-Bruckner-8-haendig.jpg\"><img decoding=\"async\" src=\"https:\/\/lutherkirche-bonn.ekir.de\/wp-content\/uploads\/2024\/09\/2024-10-06-Benefizkonzert-Bruckner-8-haendig-212x300.jpg\" alt=\"\" class=\"wp-image-1649\"\/><\/a><\/figure>\n<\/div>\n\n\n<p><strong>Benefizkonzert f\u00fcr neue Lutherkirchenorgel \u2013 40 Finger spielen Brucknersymphonie an zwei Klavieren<br>am Sonntag, den 6. Oktober 2024 um 17 Uhr in der Lutherkirche (Reuterstr. 11)<br><\/strong><br><a href=\"https:\/\/lutherkirche-bonn.ekir.de\/wp-content\/uploads\/2024\/09\/2024-10-06-Benefizkonzert-Bruckner-8-haendig.pdf\">Anton Bruckners Symphonie Nr. 5 in B-Dur<\/a>, eines der bedeutendsten Werke der romantischen Orchesterliteratur, erklingt am Sonntag, den 6. Oktober um 17 Uhr in der Lutherkirche Bonn (Reuterstr. 11) in einer Klavierbearbeitung f\u00fcr zwei Klaviere zu acht H\u00e4nden. Es spielen&nbsp;<em>Dorothea Schridde<\/em>,&nbsp;<em>Christina Bach<\/em>,&nbsp;<em>Berthold Wicke<\/em>&nbsp;und&nbsp;<em>Marc Jaquet<\/em>.<\/p>\n\n\n\n<p>Bruckner selbst bezeichnete seine monumentale 5. Symphonie als \u201edie Phantastische\u201c. Sie ist ein kontrapunktisches Meisterwerk, in dem alle S\u00e4tze thematisch miteinander verbunden sind.<\/p>\n\n\n\n<p>Der Eintritt kostet 15 Euro und kommt dem Orgelneubauprojekt in der Lutherkirche zugute.<\/p>\n\n\n\n<p><\/p>\n\n\n\n<p><strong>5.7.2024<\/strong> und <strong>30.8. 2024<\/strong>, Bonn, Johanniskirche, <strong>Tango an More<\/strong><\/p>\n\n\n\n<figure class=\"wp-block-image\"><img decoding=\"async\" src=\"https:\/\/www.johanniskirche.de\/wp-content\/uploads\/2024\/06\/schridde__bach.jpg\" alt=\"\"\/><\/figure>\n\n\n\n<h4 class=\"wp-block-heading\">Tango &amp; More<\/h4>\n\n\n\n<p>&nbsp;&nbsp;Freitag, 5. Juli 2024 und 30. August 2024<br>&nbsp;&nbsp;18.00 Uhr<br>&nbsp;&nbsp;Johanniskirche<\/p>\n\n\n\n<p>Vierh\u00e4ndige Klaviermusik aus der Romantik und zeitgen\u00f6ssische Tangos kombiniert das langj\u00e4hrige Klavierduo Christina Bach und Dorothea Schridde zu einem sommerlich leichtf\u00fc\u00dfigen und rhythmisch vitalen Programm.<br>Von Gabriel Faur\u00e9, dessen Todestag sich in diesem Jahr zum einhundersten Mal j\u00e4hrt, erklingt die zauberhafte Dolly-Suite, ein duftig-luftiges Klangbild franz\u00f6sischer (Sp\u00e4t-) Romantik. Mit Antonin Dvoraks \u201eLegenden\u201c betreten wir b\u00f6hmisch-tschechischen Boden, der sich auch musikalisch ausdr\u00fcckt.<br>Und schlie\u00dflich erklingen Tangos von Markus Horn, unter anderem Variationen \u00fcber das wohlbekannte \u201eLibertango\u201c-Thema von Astor Piazzolla. Diese Musik entfesselt trotz ihrer melancholischen Zwischent\u00f6ne die pure Lebensfreude.<br>Und gerade die Tangos haben es dem Klavierduo Bach\/Schridde angetan \u2013 ihre gro\u00dfe Begeisterung ist einfach ansteckend!&nbsp;<\/p>\n\n\n\n<p>Wir freuen uns auf einen fr\u00fchsommerlichen, beschwingten Konzertabend.&nbsp;<\/p>\n\n\n\n<figure class=\"wp-block-image size-large\"><img loading=\"lazy\" decoding=\"async\" width=\"721\" height=\"1024\" src=\"https:\/\/christinabach.com\/wp-content\/uploads\/2024\/12\/image-1-721x1024.png\" alt=\"\" class=\"wp-image-170\" srcset=\"https:\/\/christinabach.com\/wp-content\/uploads\/2024\/12\/image-1-721x1024.png 721w, https:\/\/christinabach.com\/wp-content\/uploads\/2024\/12\/image-1-211x300.png 211w, https:\/\/christinabach.com\/wp-content\/uploads\/2024\/12\/image-1-768x1090.png 768w, https:\/\/christinabach.com\/wp-content\/uploads\/2024\/12\/image-1-1082x1536.png 1082w, https:\/\/christinabach.com\/wp-content\/uploads\/2024\/12\/image-1.png 1409w\" sizes=\"auto, (max-width: 721px) 100vw, 721px\" \/><\/figure>\n\n\n\n\n\n<figure class=\"wp-block-image size-large\"><img loading=\"lazy\" decoding=\"async\" width=\"724\" height=\"1024\" src=\"https:\/\/christinabach.com\/wp-content\/uploads\/2024\/12\/image-724x1024.png\" alt=\"\" class=\"wp-image-165\" srcset=\"https:\/\/christinabach.com\/wp-content\/uploads\/2024\/12\/image-724x1024.png 724w, https:\/\/christinabach.com\/wp-content\/uploads\/2024\/12\/image-212x300.png 212w, https:\/\/christinabach.com\/wp-content\/uploads\/2024\/12\/image-768x1087.png 768w, https:\/\/christinabach.com\/wp-content\/uploads\/2024\/12\/image.png 841w\" sizes=\"auto, (max-width: 724px) 100vw, 724px\" \/><\/figure>\n\n\n\n<p><\/p>\n\n\n\n<p><\/p>\n\n\n\n<p class=\"has-large-font-size\">NEU &#8211; &#8222;<strong>Wir laden gern&#8216; uns G\u00e4ste ein&#8220; <\/strong><\/p>\n\n\n\n<figure class=\"wp-block-image size-large\"><img loading=\"lazy\" decoding=\"async\" width=\"724\" height=\"1024\" src=\"https:\/\/christinabach.com\/wp-content\/uploads\/2023\/08\/Plakat_Raum_fu\u0308r_Kultur_07_Ga\u0308ste_NEU2-1-724x1024.png\" alt=\"\" class=\"wp-image-155\" srcset=\"https:\/\/christinabach.com\/wp-content\/uploads\/2023\/08\/Plakat_Raum_fu\u0308r_Kultur_07_Ga\u0308ste_NEU2-1-724x1024.png 724w, https:\/\/christinabach.com\/wp-content\/uploads\/2023\/08\/Plakat_Raum_fu\u0308r_Kultur_07_Ga\u0308ste_NEU2-1-212x300.png 212w, https:\/\/christinabach.com\/wp-content\/uploads\/2023\/08\/Plakat_Raum_fu\u0308r_Kultur_07_Ga\u0308ste_NEU2-1-768x1086.png 768w, https:\/\/christinabach.com\/wp-content\/uploads\/2023\/08\/Plakat_Raum_fu\u0308r_Kultur_07_Ga\u0308ste_NEU2-1-1086x1536.png 1086w, https:\/\/christinabach.com\/wp-content\/uploads\/2023\/08\/Plakat_Raum_fu\u0308r_Kultur_07_Ga\u0308ste_NEU2-1-1448x2048.png 1448w\" sizes=\"auto, (max-width: 724px) 100vw, 724px\" \/><\/figure>\n\n\n\n<p><\/p>\n\n\n\n<p class=\"has-large-font-size\">NEU &#8211; <strong>Tastenraum \u00b7 20 Finger \u2013 88 Tasten \u00bbGef\u00fchle. Emotions. Sentimiento\u00ab<\/strong><\/p>\n\n\n\n<p><strong>Fr 29.09. &nbsp;19.00 Uhr Melanchthonhaus | Gro\u00dferSaal, Kreuzkirche Bonn<\/strong><\/p>\n\n\n\n<p><strong>Schubert I Debussy I Piazzolla<\/strong><\/p>\n\n\n\n<p>Tauchen Sie ein in die magische Atmosph\u00e4re eines \u00bbKlavierabends zu vier H\u00e4nden\u00ab \u2013 von der tiefen Emotionalit\u00e4t der Schubert-Fantasie f-Moll, \u00fcber die zauberhaften Kl\u00e4nge von Debussys \u00bbEn bateau\u00ab bis hin zu den mitrei\u00dfenden Tangos von Astor Piazzolla. Klangzauber im Duett!&nbsp;Klavier-Duo Christina Bach \u00b7 Stefan Horz&nbsp;Yamaha-Konzertfl\u00fcgel<\/p>\n\n\n\n<p><a rel=\"noreferrer noopener\" href=\"http:\/\/www.kreuzkirchenmusik.org\/\" target=\"_blank\">www.kreuzkirchenmusik.org<\/a><\/p>\n\n\n\n<figure class=\"wp-block-image size-large\"><img loading=\"lazy\" decoding=\"async\" width=\"724\" height=\"1024\" src=\"https:\/\/christinabach.com\/wp-content\/uploads\/2023\/08\/Konzert-11.8.23-724x1024.png\" alt=\"\" class=\"wp-image-153\" srcset=\"https:\/\/christinabach.com\/wp-content\/uploads\/2023\/08\/Konzert-11.8.23-724x1024.png 724w, https:\/\/christinabach.com\/wp-content\/uploads\/2023\/08\/Konzert-11.8.23-212x300.png 212w, https:\/\/christinabach.com\/wp-content\/uploads\/2023\/08\/Konzert-11.8.23-768x1086.png 768w, https:\/\/christinabach.com\/wp-content\/uploads\/2023\/08\/Konzert-11.8.23-1086x1536.png 1086w, https:\/\/christinabach.com\/wp-content\/uploads\/2023\/08\/Konzert-11.8.23.png 1190w\" sizes=\"auto, (max-width: 724px) 100vw, 724px\" \/><\/figure>\n\n\n\n<p><\/p>\n\n\n\n<p><\/p>\n\n\n\n<p>Wenn Sie daran Interesse haben, ein Duo f\u00fcr ein Konzert zu buchen, dann kontaktieren Sie mich einfach! <\/p>\n\n\n\n<p>Was die bisherigen Stilrichtungen der Konzerte angeht, k\u00f6nnen Sie sich von meinen bisherigen Auftritten inspirieren lassen.<\/p>\n\n\n\n<p class=\"has-huge-font-size\">40 Finger spielen Beethovens Siebte Sinfonie<\/p>\n\n\n\n<p><strong>Freitag, den 18.06.2021 (19:00 Uhr \u2013 19:50 Uhr)<\/strong><\/p>\n\n\n\n<p>Richard Wagner beschrieb Beethovens Siebte als \u201eApotheose des Tanzes\u201c. Andere sahen in ihr eine weitere \u201eSinfonie gegen Napoleon\u201c. Ihr wesentliches Gestaltungselement ist in jedem Falle der Rhythmus, der in der Fassung f\u00fcr 2 Klaviere zu 8 H\u00e4nden nochmal ganz besonders pr\u00e4gnant hervortritt. Wir laden Sie ein, dieses schon zu Beethovens Zeit \u00e4u\u00dferst beliebte Werk in der achth\u00e4ndigen Klavierbearbeitung nochmal \u201eneu\u201c zu h\u00f6ren.<br><strong>Es spielen Christina Bach, Dorothea Schridde, Berthold Wicke und Marc Jaquet.<\/strong><\/p>\n\n\n\n<figure class=\"wp-block-image\"><img decoding=\"async\" src=\"http:\/\/www.bonnerkirchennacht.de\/admin\/files\/images\/termin\/Lutherkirche-mit-Rosenbeet-Foto-Joachim-Gerhardt.jpg\" alt=\"Makeda\"\/><figcaption class=\"wp-element-caption\">Lutherkirche in der S\u00fcdstadt<\/figcaption><\/figure>\n\n\n\n<p class=\"has-huge-font-size\">Poppelsdorfer Orgelsommer 2021<\/p>\n\n\n\n<p><strong>Sonntag, 27. Juni 2021 (20:00 Uhr\u201321:00 Uhr) \u2013 Eintritt frei<\/strong><\/p>\n\n\n\n<p><strong>\u201eSaint-Sa\u00ebns \u2013 Charmant und kultiviert\u201c&nbsp;<\/strong>titelt der aus vier Konzerten bestehende diesj\u00e4hrige Poppelsdorfer Orgelsommer, der sich der franz\u00f6sischen Musik der Romantik und insbesondere dem Komponisten Camille Saint-Sa\u00ebns widmet, dessen Todestag sich 2021 zum hundertsten Mal j\u00e4hrt.<br>Im ersten Konzert am 27. Junipr\u00e4sentieren&nbsp;<strong>Dorothea Schridde, Christina Bach, Berthold Wicke, Christoph Hamm und Marc Jaquet<\/strong>&nbsp;die&nbsp;<strong>3. Symphonie (\u201eOrgelsymphonie\u201c) in c-moll, op. 78 von Camille Saint-Sa\u00ebns<\/strong>&nbsp;in einer Fassung von L\u00e9on Roques f\u00fcr zwei Klaviere zu acht H\u00e4nden. Erg\u00e4nzt wird diese Transkription durch die Hinzunahme der originalen Orgelstimme. So entsteht ein ungew\u00f6hnliches, aber h\u00f6chst reizvolles Klangbild in einer Besetzung, in der diese Symphonie vielleicht bisher noch gar nicht zu h\u00f6ren war.<\/p>\n\n\n\n<figure class=\"wp-block-image\"><img decoding=\"async\" src=\"https:\/\/www.bonn.de\/veranstaltungskalender\/veranstaltungen\/hauptkalender\/extern\/Poppelsdorfer-Orgelsommer-I-Saint-Sa-ns-3.Sinfonie-f.zwei-Klaviere-zu-acht-Haenden-Orgel.php.media\/140973\/Lutherkirche-Bonn-Foto-Joachim-Gerhardt.jpg.scaled\/a4c76d35dbb438cfd281c2828c6bf4cd.jpg\" alt=\"Lutherkirche Bonn\"\/><figcaption class=\"wp-element-caption\">Lutherkirche Bonn<\/figcaption><\/figure>\n\n\n\n<p class=\"has-huge-font-size\">SOMMERKLANG &#8211; Musik-Lunch in der Kreuzkirche<\/p>\n\n\n\n<h2 class=\"wp-block-heading\">27.06.2020 (12:00) <\/h2>\n\n\n\n<p><strong>Die Musik kehrt St\u00fcck f\u00fcr St\u00fcck in die Kreuzkirche zur\u00fcck &#8211;&nbsp;<\/strong>unter dem Titel&nbsp;<strong>SOMMERKLANG&nbsp;<\/strong>f\u00fcllen wir nach 3 Monaten Corona-Pause den gro\u00dfen Kirchenraum langsam wieder mit Kl\u00e4ngen &#8211; kammermusikalisch, zart und vorsichtig.<\/p>\n\n\n\n<p>An jedem&nbsp;<strong>Samstag vom 27. Juni bis 15. August 2020<\/strong>&nbsp;laden wir Sie um 12:00 Uhr nach dem Glockenl\u00e4uten herzlich zu einer halben musikalischen Stunde mit den Mitgliedern unserer Kreuzkirchenmusik ein! Kommen Sie vorbei &#8211; wir freuen uns auf Sie! Der Eintritt ist frei.<\/p>\n\n\n\n<p><strong>Programm:&nbsp;<\/strong><\/p>\n\n\n\n<p>Christina Bach (Klavier) und Dorothea Schridde (E-Piano)<br><em>7. Sinfonie von Beethoven 1. und 2. Satz<br>in einer Bearbeitung f\u00fcr Klavier 4-h\u00e4ndig (coronabedingt an 2 Klavieren)<\/em><\/p>\n\n\n\n<p class=\"has-huge-font-size\">Poppelsdorfer Orgelsommer 2020:<\/p>\n\n\n\n<p>Kirchenmusik &#8211; Konzerte &#8211; Konzert &#8211; Ein Lichtblick: Der Poppelsdorfer Orgelsommer kann bald beginnen &#8211; Evangelische Lutherkirchengemeinde Bonn<\/p>\n\n\n\n<h2 class=\"wp-block-heading\">28.06.2020 <\/h2>\n\n\n\n<p class=\"has-large-font-size\">Lichtbote Beethoven (Lutherkirche)<\/p>\n\n\n\n<p>Im&nbsp;<strong>ersten Konzert am 28. Juni 2020, um 20.00 Uhr in der Lutherkirche<\/strong> erklingen unter dem Titel \u201eLichtbote Beethoven\u201c die \u201eBeethoven-Variationen \u00fcber die Ode an die Freude\u201c f\u00fcr Orgel von Harald Feller sowie Beethovens 7. Sinfonie in einer Fassung f\u00fcr 4 H\u00e4nde an 2 Klavieren.<\/p>\n\n\n\n<h2 class=\"wp-block-heading\">05.07.2020<\/h2>\n\n\n\n<p class=\"has-large-font-size\">Strahlende Barockmusik: Orgel &amp; Trompete (Lutherkirche)<\/p>\n\n\n\n<p>Das&nbsp;<strong>zweite Konzert am 5. Juli, ebenfalls um 20.00 Uhr in der Lutherkirche<\/strong>, stellt unter dem Titel \u201eStrahlende Barockmusik\u201c die neue Benefiz-CD \u201eFinale\u201c f\u00fcr den geplanten Orgelneubau der Lutherkirche vor.&nbsp;<em>Patrick Dreier<\/em>&nbsp;(Trompete) und&nbsp;<em>Marc Jaquet<\/em>&nbsp;(Orgel) spielen Werke von Johann Sebastian Bach, Antonio Vivaldi, Jeremiah Clarke und anderen Komponisten.<\/p>\n\n\n\n<h2 class=\"wp-block-heading\">12.07.2020<\/h2>\n\n\n\n<p class=\"has-large-font-size\">Orgel pur (St. Sebastian)<\/p>\n\n\n\n<p>Der&nbsp;<strong>Orgelsommer endet mit einem Orgelkonzert am 12. Juli um 20.00 Uhr in der Pfarrkirche St. Sebastian<\/strong>.&nbsp;<em>Christoph Hamm<\/em>&nbsp;spielt Werke von Johann Sebastian Bach, Ludwig van Beethoven und Arvo P\u00e4rt.<\/p>\n\n\n\n<p><\/p>\n\n\n\n<p><\/p>\n\n\n\n<figure class=\"wp-block-image\"><img loading=\"lazy\" decoding=\"async\" width=\"415\" height=\"587\" src=\"https:\/\/christinabach.com\/wp-content\/uploads\/2020\/06\/orgelsommer_rdax_415x587.jpg\" alt=\"\" class=\"wp-image-140\" srcset=\"https:\/\/christinabach.com\/wp-content\/uploads\/2020\/06\/orgelsommer_rdax_415x587.jpg 415w, https:\/\/christinabach.com\/wp-content\/uploads\/2020\/06\/orgelsommer_rdax_415x587-212x300.jpg 212w\" sizes=\"auto, (max-width: 415px) 100vw, 415px\" \/><\/figure>\n\n\n\n<p><\/p>\n\n\n\n<h1 class=\"wp-block-heading\">15. Dezember 2019 11:30-12:45<\/h1>\n\n\n\n<p class=\"has-medium-font-size\">Christina Bach und Berhold Wicke<\/p>\n\n\n\n<h1 class=\"wp-block-heading\">Rendez-vous avec Schumann et Debussy<\/h1>\n\n\n\n<p>ProgrammL.v. Beethoven, D-Dur-Sonate op.6&nbsp;<\/p>\n\n\n\n<p>Klavierquintett von Robert Schumann in der Bearbeitung von Clara Schumann f\u00fcr Klavier vierh\u00e4ndig<\/p>\n\n\n\n<p>Debussy, Petite suite<\/p>\n\n\n\n<p>F\u00dcR ANMELDUNGEN DEN QR CODE SCANNEN!<\/p>\n\n\n\n<figure class=\"wp-block-image\"><img loading=\"lazy\" decoding=\"async\" width=\"734\" height=\"1024\" src=\"https:\/\/christinabach.com\/wp-content\/uploads\/2019\/12\/IMG_0547-2-734x1024.jpg\" alt=\"\" class=\"wp-image-136\" srcset=\"https:\/\/christinabach.com\/wp-content\/uploads\/2019\/12\/IMG_0547-2-734x1024.jpg 734w, https:\/\/christinabach.com\/wp-content\/uploads\/2019\/12\/IMG_0547-2-215x300.jpg 215w, https:\/\/christinabach.com\/wp-content\/uploads\/2019\/12\/IMG_0547-2-768x1071.jpg 768w, https:\/\/christinabach.com\/wp-content\/uploads\/2019\/12\/IMG_0547-2.jpg 1182w\" sizes=\"auto, (max-width: 734px) 100vw, 734px\" \/><\/figure>\n\n\n\n<p class=\"has-huge-font-size\"><strong>Meine bisherigen Auftritte:<\/strong><\/p>\n\n\n\n<h1 class=\"wp-block-heading\">1. Februar 2019, 19.30 Uhr<\/h1>\n\n\n\n<h2 class=\"wp-block-heading\">Stilmixturen der Moderne -von Poulenc bis Tango<\/h2>\n\n\n\n<h2 class=\"wp-block-heading\">2 Klaviere 4 H\u00e4nde<\/h2>\n\n\n\n<p>Christina Bach und Dorothea Schridde<br><\/p>\n\n\n\n<p>Klavierhaus Klavins, Auguststr. 22-26, Bonn Beuel<\/p>\n\n\n\n<p>Eintritt: 10\u20ac, Sch\u00fcler und Studenten: frei<\/p>\n\n\n\n<h3 class=\"wp-block-heading\">&nbsp;<\/h3>\n\n\n\n<p>Schon die Sonate f\u00fcr 2 Klaviere von F. Poulenc (1953) erscheint wie ein Mosaik verschiedenster Stilelemente der Klaviergeschichte.<\/p>\n\n\n\n<p>Eine anders gelagerte Mixtur begegnet uns in einer Sammlung farbiger facettenreicher St\u00fccke mit poetischen Titeln von Mia Brentano, genannt HIDDEN SEA: Jazz, Pop, Minimalmusic&#8230;&#8230; Lassen Sie sich \u00fcberraschen!<\/p>\n\n\n\n<p>Tangos konzertant lassen die Klaviere schlussendlich in all ihren Farben klingen.&nbsp;<\/p>\n\n\n\n<p>&nbsp;<strong>Programm:<\/strong><\/p>\n\n\n\n<p>Sonate f\u00fcr 2 Klaviere (1953) von&nbsp;<strong><em>Francis Poulenc<\/em><\/strong><br><\/p>\n\n\n\n<p>Christina&#8217;s World<\/p>\n\n\n\n<p>Early Birds<\/p>\n\n\n\n<p>Misty Morning<\/p>\n\n\n\n<p>A Storm is Coming<\/p>\n\n\n\n<p>On the Train to Maine &nbsp; &nbsp;aus HIDDEN SEA von&nbsp;<strong><em>Mia Brentano<\/em><\/strong><\/p>\n\n\n\n<p>Memoria<\/p>\n\n\n\n<p>Tormenta<\/p>\n\n\n\n<p>Tren a Constitucion &nbsp;3 Tanogs von&nbsp;<strong><em>Markus Horn<\/em><\/strong><\/p>\n\n\n\n<h1 class=\"wp-block-heading\">20. Februar 2019, 19.00 Uhr<\/h1>\n\n\n\n<h3 class=\"wp-block-heading\">Musikalische 3\/4 Stunde in der Lutherkirche, Bonn<\/h3>\n\n\n\n<h3 class=\"wp-block-heading\">&#8222;40 Finger spielen Schumann&#8220;<\/h3>\n\n\n\n<p>Robert Schumann (1810-1856):<\/p>\n\n\n\n<p>3. Sinfonie Es-Dur op. 97 &#8222;Rheinische&#8220;<\/p>\n\n\n\n<p>(Fassung f\u00fcr zwei Klaviere zu acht H\u00e4nden)<\/p>\n\n\n\n<p>Christina Bach, Dorothea Schridde, Berthold Wicke &amp; Marc Jacquet<\/p>\n\n\n\n<p>Eintritt frei &#8211; Spenden willkommen.<\/p>\n\n\n\n<figure class=\"wp-block-image\"><img decoding=\"async\" src=\"http:\/\/www.christinabach.com\/mediapool\/89\/897616\/resources\/51813882.jpg\" alt=\"\"\/><\/figure>\n\n\n\n<h1 class=\"wp-block-heading\">&nbsp;Mittwoch 15. Mai 2019, 19.00 Uhr<br><\/h1>\n\n\n\n<h3 class=\"wp-block-heading\">Musikalische 3\/4 Stunde in der Lutherkirche, Bonn<\/h3>\n\n\n\n<h3 class=\"wp-block-heading\">Tangos und jazzverwandte Musik f\u00fcr 2 Klaviere.&nbsp;<\/h3>\n\n\n\n<p>Ausz\u00fcge aus HIDDEN SEA von Mia Brentano u.a.<\/p>\n\n\n\n<p>Christina Bach und Dorothea Schridde, Klavier<\/p>\n\n\n\n<p>Eintritt frei &#8211; Spenden willkommen<\/p>\n\n\n\n<h6 class=\"wp-block-heading\">&nbsp;&nbsp;<\/h6>\n\n\n\n<p>14. Januar 2018, 17.00 Uhr<\/p>\n\n\n\n<h3 class=\"wp-block-heading\">Histor. Gemeindesaal Er\u00f6serkirche Kronprinzenstr. 31, Bonn-Bad Godesberg<\/h3>\n\n\n\n<h3 class=\"wp-block-heading\">Maria Regina Heyne, Sopran<\/h3>\n\n\n\n<h3 class=\"wp-block-heading\">Christina Bach, Klavier&nbsp;<\/h3>\n\n\n\n<h4 class=\"wp-block-heading\">&nbsp;&nbsp;JAHRESZEITEN SEASONS SAISONS<\/h4>\n\n\n\n<p>Eintritt 8\u20ac<\/p>\n\n\n\n<p>Anschlie\u00dfend gibt es wieder Gelegenheit zu Gespr\u00e4chen bei einem Glas Wein.<\/p>\n\n\n\n<h1 class=\"wp-block-heading\">19. Januar 2018, 19.30&nbsp;<\/h1>\n\n\n\n<h3 class=\"wp-block-heading\">Klavierduo Christina Bach &amp; Dorothea Schridde<\/h3>\n\n\n\n<h3 class=\"wp-block-heading\">Trinitatis-Kirche, Bonn-Endenich, Brahmsstr. 14<\/h3>\n\n\n\n<figure class=\"wp-block-image\"><img decoding=\"async\" src=\"http:\/\/www.christinabach.com\/mediapool\/89\/897616\/resources\/47747970.jpg\" alt=\"\"\/><\/figure>\n\n\n\n<p><strong>TANGO &amp; MORE&nbsp;<\/strong><\/p>\n\n\n\n<p>Robert Schumann &nbsp;&nbsp;<em>Bilder aus dem Osten op. 66<\/em><br>Samuel Barber &nbsp; &nbsp; &nbsp; &nbsp;<em>Souvenirs, Suite for piano op. 28<\/em><br><br>&#8212;&#8212;&#8212;&#8212;&#8212; Pause &#8212;&#8212;&#8212;&#8212;&#8212;&#8212;&#8211;&nbsp;<\/p>\n\n\n\n<p>Markus Horn &nbsp; &nbsp; &nbsp; &nbsp; &nbsp;<em>&#8222;Cielo del sur&#8220;<\/em><\/p>\n\n\n\n<p>Markus Horn &nbsp; &nbsp; &nbsp; &nbsp; &nbsp;&#8222;<em>Bandoneon&#8220;&nbsp;<\/em><\/p>\n\n\n\n<p><em>&nbsp; &nbsp; &nbsp; &nbsp; &nbsp; &nbsp; &nbsp; &nbsp; &nbsp; &nbsp; &nbsp; &nbsp; &nbsp; &nbsp; &nbsp; &nbsp;&#8222;Zita&#8220;<\/em>&nbsp; &nbsp; &nbsp; &nbsp; &nbsp; &nbsp; &nbsp; &nbsp; &nbsp; &nbsp; &nbsp; &nbsp; &nbsp; &nbsp; &nbsp; &nbsp; &nbsp; &nbsp; &nbsp; &nbsp; &nbsp; &nbsp; &nbsp;<\/p>\n\n\n\n<p>Markus Horn &nbsp; &nbsp; &nbsp; &nbsp; &nbsp; &nbsp;<em>Variationen \u00fcber &#8222;Libertango&#8220;<\/em><\/p>\n\n\n\n<h3 class=\"wp-block-heading\">Benefizkonzert zugunsten der Teelefonseelsorge Bonn\/Rhein-Sieg e.V.<\/h3>\n\n\n\n<p>Der Eintritt ist frei, Spenden werden erbeten.<\/p>\n\n\n\n<h1 class=\"wp-block-heading\">16. September 2018, 17.00 Uhr<\/h1>\n\n\n\n<h2 class=\"wp-block-heading\">Friedenskirche Bonn-Kessenich<\/h2>\n\n\n\n<h3 class=\"wp-block-heading\">Franz-B\u00fccheler-Str. 10<\/h3>\n\n\n\n<h3 class=\"wp-block-heading\">&nbsp;<\/h3>\n\n\n\n<p>LIEDER UND GEDICHTE, DIE GL\u00dcCKLICH MACHEN&#8230;&#8230;..&nbsp;<\/p>\n\n\n\n<p>Wir freuen uns, Euch und Ihnen, unser brandneues Programm zum Thema Gl\u00fcck vorzustellen.&nbsp;<\/p>\n\n\n\n<h1 class=\"wp-block-heading\">Eintritt frei.&nbsp;&nbsp;<\/h1>\n\n\n\n<h1 class=\"wp-block-heading\">23. September 2018, 16.00 Uhr<br><\/h1>\n\n\n\n<h2 class=\"wp-block-heading\">Haus der Begegnung, Lebensgemeinschaft Eichhof<\/h2>\n\n\n\n<h2 class=\"wp-block-heading\">53804 Much<\/h2>\n\n\n\n<figure class=\"wp-block-image\"><img decoding=\"async\" src=\"http:\/\/www.christinabach.com\/mediapool\/89\/897616\/resources\/big_47869960_0_300-200.jpg\" alt=\"\"\/><\/figure>\n\n\n\n<p>JAHRESZEITEN-SEASONS-SAISONS<\/p>\n\n\n\n<p>Freuen Sie sich auf einen Nachmittag rund um das Thema Jahreszeiten. H\u00f6ren Sie das Erwachen des Fr\u00fchlings, lauschen Sie milden Sommerabenden, lassen Sie im Herbst den Regen niederrauschen und den Winter mit seiner K\u00e4lte Einzug halten mit bekannten und weniger bekannten Liedern von der Romantik \u00fcber die 20-er Jahre bis heute&#8230;&#8230;Das Duo Maria Regina Heyne (Sopran) und Christina Bach (Klavier) moderiert den Nachmittag in seiner gewohnt charmanten Art.&nbsp;&nbsp; &nbsp; &nbsp; &nbsp; &nbsp; &nbsp; &nbsp; &nbsp; &nbsp; &nbsp; &nbsp; &nbsp; &nbsp; &nbsp; &nbsp; &nbsp; &nbsp; &nbsp; &nbsp; &nbsp; &nbsp; &nbsp; &nbsp; &nbsp; &nbsp; &nbsp; &nbsp; &nbsp; &nbsp;&nbsp;<\/p>\n\n\n\n<figure class=\"wp-block-image\"><img decoding=\"async\" src=\"http:\/\/www.christinabach.com\/mediapool\/89\/897616\/resources\/big_47870440_0_200-133.jpg\" alt=\"\"\/><\/figure>\n\n\n\n<figure class=\"wp-block-image\"><img decoding=\"async\" src=\"http:\/\/www.christinabach.com\/mediapool\/89\/897616\/resources\/big_47870470_0_180-270.jpg\" alt=\"\"\/><\/figure>\n\n\n\n<p>Ein musikalisches DUO<\/p>\n\n\n\n<p>Maria Regina Heyne &amp; Christina Bach<\/p>\n\n\n\n<p>Eintritt: 5 \u20ac&nbsp;<\/p>\n\n\n\n<h2 class=\"wp-block-heading\">&nbsp;<\/h2>\n\n\n\n<h1 class=\"wp-block-heading\">22. Oktober 2017, 17.00 Uhr<\/h1>\n\n\n\n<h2 class=\"wp-block-heading\">Johanniskirche, Bonn, Bahnhofstr. 65<\/h2>\n\n\n\n<figure class=\"wp-block-image\"><img decoding=\"async\" src=\"http:\/\/www.christinabach.com\/mediapool\/89\/897616\/resources\/47748080.jpg\" alt=\"\"\/><\/figure>\n\n\n\n<h4 class=\"wp-block-heading\">Beethoven: Eroica<\/h4>\n\n\n\n<h4 class=\"wp-block-heading\">&nbsp;Debussy: En Blanc et Noir<\/h4>\n\n\n\n<h2 class=\"wp-block-heading\">Christina Bach, Dorothea Schridde, Marc Jaquet und Berhotld Wicke<\/h2>\n\n\n\n<h2 class=\"wp-block-heading\">spielen an 2 Klavieren.&nbsp;<\/h2>\n\n\n\n<h1 class=\"wp-block-heading\">4. Februar 2017, 19.30 Uhr<\/h1>\n\n\n\n<h1 class=\"wp-block-heading\"><strong>Jahreszeiten Seasons Saisons<\/strong><\/h1>\n\n\n\n<h1 class=\"wp-block-heading\">&nbsp;<\/h1>\n\n\n\n<p>Freuen Sie sich auf einen Abend rund um das Thema Jahreszeiten. H\u00f6ren Sie das Erwachen des Fr\u00fchlings, lauschen Sie milden Sommerabenden, lassen Sie im Herbst den Regen niederrauschen und &nbsp;den Winter mit seiner K\u00e4lte Einzug halten mit bekannten und weniger bekannten Liedern von der Romantik \u00fcber die 20-er Jahre bis heute&#8230;&#8230; &nbsp; Das Duo Maria Regina Heyne und Christina Bach moderiert den kurzweiligen Abend in seiner gewohnt charmanten &nbsp;und lockeren Art.<\/p>\n\n\n\n<figure class=\"wp-block-image\"><img decoding=\"async\" src=\"http:\/\/www.christinabach.com\/mediapool\/89\/897616\/resources\/big_47745965_0_100-150.jpg\" alt=\"\"\/><\/figure>\n\n\n\n<figure class=\"wp-block-image\"><img decoding=\"async\" src=\"http:\/\/www.christinabach.com\/mediapool\/89\/897616\/resources\/big_47746045_0_100-150.jpg\" alt=\"\"\/><\/figure>\n\n\n\n<p>Klavierhaus Klavins, Auguststr. 22-26, Bonn-Beuel &nbsp; &nbsp; &nbsp; &nbsp;<\/p>\n\n\n\n<p>Eintritt: 10\u20ac<\/p>\n\n\n\n<p>Kinder und Jugendliche frei<\/p>\n\n\n\n<p><a href=\"http:\/\/www.klavierhaus-klavins.de\/\">www.klavierhaus-klavins.de&nbsp;<\/a><\/p>\n\n\n\n<h1 class=\"wp-block-heading\">12. November 2016, 19.00 Uhr<\/h1>\n\n\n\n<h2 class=\"wp-block-heading\">&#8222;40 Finger spielen Haydn und Beethoven<\/h2>\n\n\n\n<figure class=\"wp-block-image\"><img decoding=\"async\" src=\"http:\/\/www.christinabach.com\/mediapool\/89\/897616\/resources\/47748220.jpg\" alt=\"\"\/><\/figure>\n\n\n\n<p>In diesem Konzert stehen Haydns 100. Sinfonie, sowie Beethovens ber\u00fchmte dritte Sinfonie &#8222;Eroica&#8220;, in Bearbeitungen von Theodor Kirchner f\u00fcr 8 H\u00e4nde an 2 Klavieren auf dem Programm.&nbsp;<\/p>\n\n\n\n<p>Im 19. Jahrhundert war das Arrangieren gr\u00f6\u00dferer Opern und Sinfonien f\u00fcr das Klavier zu 4 oder 8 H\u00e4nden durchaus popul\u00e4r. In einer Zeit, die weder Tontr\u00e4ger noch Radio kannte, konnten die kundigen Musikinteressenten mit Hilfe dieser Arrangements die neuen und alten orchestralen Meisterwerke zuhause kennenlernen und studieren. Entsprechend gro\u00df war damals die Nachfrage nach Bearbeitungen.<\/p>\n\n\n\n<p><strong>Christina Bach<\/strong>&nbsp;und&nbsp;<strong>Dorothea Schridde,<\/strong>&nbsp;sowie&nbsp;<strong>Marc Jaquet&nbsp;<\/strong>und&nbsp;<strong>Berthold Wicke<\/strong>pr\u00e4sentieren Ihnen an diesem Abend zwei in dieser Form heute fast vergessene, &#8222;historische&#8220; Vertonungen von Beethovens&nbsp;&#8222;Eroica&#8220;&nbsp;und Haydns&nbsp;&#8222;Milit\u00e4rsinfonie&#8220;.&nbsp;<\/p>\n\n\n\n<h4 class=\"wp-block-heading\">Klavierhaus Klavins, Auguststr. 26-28, Bonn-Beuel<\/h4>\n\n\n\n<p>Eintritt: 10 Euro<\/p>\n\n\n\n<p>Kinder und Jugendliche: 3 Euro<\/p>\n\n\n\n<p>www.klavierhaus-klavins.de<\/p>\n\n\n\n<h1 class=\"wp-block-heading\">30. September, 20.00 Uhr<\/h1>\n\n\n\n<h1 class=\"wp-block-heading\">\u201e40 Finger spielen Haydn und Beethoven\u201c<\/h1>\n\n\n\n<h1 class=\"wp-block-heading\">&nbsp;Freitag, 30. September, 20.00 Uhr&nbsp;in der Lutherkirche: In diesem Konzert stehen Ludwig van Beethovens ber\u00fchmte dritte Sinfonie \u201eEroica\u201c und Joseph Haydns 100. Sinfonie in Bearbeitungen von Theodor Kirchner f\u00fcr&nbsp;acht H\u00e4nde an&nbsp;zwei Klavieren auf dem Programm.Im 19. Jahrhundert war das Arrangieren gr\u00f6\u00dferer Opern und Sinfonien f\u00fcr das Klavier zu vier oder acht H\u00e4nden \u00fcberaus popul\u00e4r. In einer Zeit, die weder Radio noch Tontr\u00e4ger kannte, konnten die kundigen Musikinteressierten mit Hilfe dieser Arrangements die neuen und alten orchestralen Meisterwerke zuhause kennenlernen und studieren. Entsprechend gro\u00df war die Nachfrage nach Bearbeitungen, die oftmals auch von Komponisten wie Theodor Kirchner oder Max Reger angefertigt wurden.<strong>Christina Bach<\/strong>&nbsp;und&nbsp;<strong>Dorothea Schridde<\/strong>&nbsp;sowie&nbsp;<strong>Berthold Wicke<\/strong>&nbsp;und&nbsp;<strong>Marc Jaquet<\/strong>&nbsp;pr\u00e4sentieren Ihnen an diesem Abend zwei in dieser Form heute fast vergessene \u201ehistorische\u201c Vertonungen von Beethovens \u201eEroica\u201c-Sinfonie und Haydns 100. Sinfonie, der sogenannten \u201eMilit\u00e4rsinfonie\u201c.<strong>Datum:<\/strong>&nbsp;<strong>Freitag, 30. September 2016, 20.00 Uhr<\/strong>, Lutherkirche (Reuterstr. 11, 53115 Bonn-S\u00fcdstadt)<br><strong>Eintritt:<\/strong>&nbsp;10,-\/5,- \u20ac&nbsp;<\/h1>\n\n\n\n<h1 class=\"wp-block-heading\">27. November 2016, 17.00 Uhr<\/h1>\n\n\n\n<h1 class=\"wp-block-heading\">Advent, Advent &#8230;ein Kerzlein brennt<\/h1>\n\n\n\n<figure class=\"wp-block-image\"><img decoding=\"async\" src=\"http:\/\/www.heimatverein-aldekerk.de\/images\/content\/veranstaltungen\/2016\/AdventAdvent.jpg\" alt=\"AdventAdvent\"\/><\/figure>\n\n\n\n<p>Lieder, Geschichten und Besinnliches zum 1. Advent: Morgen Kinder wird&#8217;s was geben&#8230;&nbsp; Dieses Weihnachtsprogramm m\u00f6chte Sie rundum einstimmen auf die besinnliche, mal heitere, oft verf\u00fchrerisch duftende oder auch stressige Vorweihnachtszeit, sch\u00f6n bunt&nbsp; verpackt in Gesang, Literatur und Klaviermusik. Wir beleuchten mit Ihnen gemeinsam diese Zeit:&nbsp; besinnlich, fr\u00f6hlich, traditionell, christlich,&nbsp; kritisch, verspielt und weihnachtlich duftend. Das Ensemble&nbsp; Gabriele Barmscheidt, Christina Bach und Bettina Groetzner hat sich im Bonner Kammerchor gefunden. Musik, Gesang und Literatur sind ihre gro\u00dfe Leidenschaft. Freuen Sie sich auf eine abwechslungsreiche Stunde rund um Advent und Weihnachten.<\/p>\n\n\n\n<figure class=\"wp-block-table\"><table><tbody><tr><td>Ort<\/td><td>Heimatstube Aldekerk, Hochstr. 70<\/td><\/tr><tr><td>Datum<\/td><td>Sonntag, 27. November 2016<br><\/td><\/tr><tr><td>Beginn<\/td><td>17 Uhr<\/td><\/tr><tr><td>Eintritt<\/td><td>8 Euro<\/td><\/tr><tr><td>Kartenvorverkauf<\/td><td>Stilhaus Aldekerk, Marktstr.7<br><\/td><\/tr><\/tbody><\/table><\/figure>\n\n\n\n<h1 class=\"wp-block-heading\">13. Februar 2016, 19.30 Uhr<\/h1>\n\n\n\n<p>HERZSTUNDEN-ein Abend rund um die Liebe! &nbsp;Fast zum Valentinstag.<\/p>\n\n\n\n<figure class=\"wp-block-image\"><img decoding=\"async\" src=\"http:\/\/www.christinabach.com\/mediapool\/89\/897616\/resources\/47748035.jpg\" alt=\"\"\/><\/figure>\n\n\n\n<p>Herzstunden ist ein erfrischendes, witziges, trauriges, tiefgr\u00fcndiges, herziges und vor allem kurzweiliges Programm rund um die Liebe. Es erklingen bekannte und weniger bekannte Lieder und Klassiker von&nbsp;<em>Franz Schubert, Clara und Robert Schumann, Johannes Brahms, Theo Mackeben, &nbsp;Gerhard Jussenhoven, George Gershwin u.a., &nbsp;<\/em>gew\u00fcrzt mit charmanten Modeartionen.&nbsp;<\/p>\n\n\n\n<p>Regina Maria Heyne, Sopran und Christina Bach, Klavier<br><\/p>\n\n\n\n<figure class=\"wp-block-image\"><img decoding=\"async\" src=\"http:\/\/www.christinabach.com\/mediapool\/89\/897616\/resources\/37231447.jpg\" alt=\"\"\/><\/figure>\n\n\n\n<p>13. Februar 2016, 1930 Uhr, Klavierhaus Klavins, Auguststr. 26-28, Bonn Beuel<\/p>\n\n\n\n<p>Eintritt: 12 \u20ac\/inklusive 1 Glas Prosecco und Valentinsschokolade<\/p>\n\n\n\n<p>Kinder und Jugendliche: freier Eintrtitt<\/p>\n\n\n\n<h1 class=\"wp-block-heading\">14. Februar 2016, 17.00 Uhr<\/h1>\n\n\n\n<p>HERZSTUNDEN-ein Nachmittag rund um die Liebe zum Valentinstag!<\/p>\n\n\n\n<p>Historischer Gemeindesaal-Erl\u00f6serkirchengemeinde Bad Godesberg<\/p>\n\n\n\n<p>Kronprinzenstr. 31, 53173 Bonn<\/p>\n\n\n\n<h1 class=\"wp-block-heading\">24. April 2016, 16.00 Uhr<\/h1>\n\n\n\n<p>HERZSTUNDEN-ein Nachmittag rund um die Liebe.<\/p>\n\n\n\n<p>Haus der Begegnung, Lebensgemeinschaft Eichhof<\/p>\n\n\n\n<p>Eichhof<\/p>\n\n\n\n<p>53804 Much, Tel: 02295-920 223<\/p>\n\n\n\n<h1 class=\"wp-block-heading\">&nbsp;4. September 2015, 9.30-12.30 Uhr<\/h1>\n\n\n\n<p><strong>KLAVIER-WORKSHOP IMPROVISATION&nbsp;<\/strong>&nbsp;mit Lucinda Mackworth-Young<\/p>\n\n\n\n<ul class=\"wp-block-list\">\n<li><strong>Wann:<\/strong>&nbsp;4. September 2015, 9.30-12.30 Uhr<\/li>\n<\/ul>\n\n\n\n<ul class=\"wp-block-list\">\n<li><strong>Wo:&nbsp;<\/strong>&nbsp;Klavierhaus Klavins, Auguststra\u00dfe 26-28, Bonn Beuel&nbsp;<a href=\"http:\/\/www.klavierhaus-klavins.de\/\" target=\"_blank\" rel=\"noreferrer noopener\">www.klavierhaus-klavins.de<\/a><\/li>\n<\/ul>\n\n\n\n<ul class=\"wp-block-list\">\n<li><strong>Kosten:<\/strong>&nbsp;50 \u20ac inklusive Buch&nbsp;<em>&#8222;Piano by Ear&#8220; &nbsp;<\/em><a href=\"http:\/\/www.lucinda-mackworth-young.co.uk\/piano-by-ear\" target=\"_blank\" rel=\"noreferrer noopener\">http:\/\/www.lucinda-mackworth-young.co.uk\/piano-by-ear<\/a><\/li>\n<\/ul>\n\n\n\n<ul class=\"wp-block-list\">\n<li><strong>Infos und Anmeldung:<\/strong>&nbsp; Christina Bach 0171\/2652039&nbsp;<a href=\"mailto:info@christinabach.com\" target=\"_blank\" rel=\"noreferrer noopener\">info@christinabach.com<\/a><\/li>\n<\/ul>\n\n\n\n<p>Das Klavierhaus Klavins wird gen\u00fcgend Klaviere zur Verf\u00fcgung stellen, so dass alle Teilnehmer aktiv mitmachen k\u00f6nnen.<\/p>\n\n\n\n<h1 class=\"wp-block-heading\">17. Juni 2015, 18.30 Uhr<\/h1>\n\n\n\n<p>Das unversch\u00e4mte PIANOFORTE<\/p>\n\n\n\n<p>eine Klaviergeschichte von J\u00f6rg Hilbert und Felix Janosa<\/p>\n\n\n\n<p>Sch\u00fclervorspiel im Klavierhaus Klavins<\/p>\n\n\n\n<p>17. Juni 18.30 Uhr, Auguststr. 22-26, Bonn-Beuel&nbsp;<\/p>\n\n\n\n<p>www.klavierhaus-klavins.de<\/p>\n\n\n\n<h1 class=\"wp-block-heading\">20. Juni 2015, 20.00 Uhr<\/h1>\n\n\n\n<p>&nbsp;<strong>Christina Bach &amp; Dorothea Schridde spielen Debussy, Gershwin und Piazolla<\/strong><\/p>\n\n\n\n<h1 class=\"wp-block-heading\">Benefizkonzert f\u00fcr Fl\u00fcchtlinge in der Lutherkirche: \u201eTango and more\u201d<\/h1>\n\n\n\n<p>\u201eTango and more\u201d hei\u00dft es am Samstag, 20. Juni 2015, um 20.00 Uhr in der Lutherkirche in der S\u00fcdstadt. Ein Klavier-Konzert von Christina Bach und Dorothea Schridde zugunsten der Fl\u00fcchtlinge in der Ermekeilkaserne.<\/p>\n\n\n\n<p>Das bekannte Bonner Klavierduo&nbsp;<em>Christina Bach &amp; Dorothea Schridde<\/em>&nbsp;spielen am Fl\u00fcgel der Lutherkirche in der Bonner S\u00fcdstadt (Reuterstra\u00dfe 11) Werke von Claude Debussy, George Gershwin, Francis Poulenc&nbsp;sowie Tangos von Markus Horn und Variationen \u00fcber ein Thema von Astor Piazzolla arrangiert f\u00fcr vier H\u00e4nde.<\/p>\n\n\n\n<p>Das Konzert findet statt auf Initiative der&nbsp;<em>Soroptimisten-Club<\/em><em>Bonn<\/em>. Der gesamte Erl\u00f6s kommt den Menschen in der Fl\u00fcchtlingsunterkunft des Landes NRW in der Ermekeilstra\u00dfe zugute. Auch die&nbsp;<a href=\"http:\/\/www.lutherkirche-bonn.de\/archiv\/2015-510-fluechtlinge-514.php\">Lutherkirchengemeinde<\/a>&nbsp;und viele weitere Gruppen und Menschen in der Bonner S\u00fcdstadt und Poppelsdorf unterst\u00fctzen die Fl\u00fcchtlingshilfe.<\/p>\n\n\n\n<p><strong>Eintritt:<\/strong>&nbsp;20 \u20ac \/&nbsp;erm\u00e4\u00dfigt: 10 \u20ac<br>Kinder unter 14 Jahren frei<\/p>\n\n\n\n<p><strong>Tickets<\/strong>&nbsp;an der Abendkasse<br><strong>Vorverkauf:<\/strong>&nbsp;N\u00e4hatelier Fapilu<br>Fritz-Tillmann-Str 4\/Ecke Dyroffstra\u00dfe (nahe Arithmeum)<br>Mo-Sa 9.30-13.30 Uhr \/ Di+Do 9.30-18 Uhr<\/p>\n\n\n\n<p><strong>Weitere Infos:<\/strong>&nbsp;<a href=\"http:\/\/www.lutherkirche-bonn.de\/\">www.lutherkirche-bonn.de<\/a><\/p>\n\n\n\n<figure class=\"wp-block-image\"><img decoding=\"async\" src=\"http:\/\/www.christinabach.com\/mediapool\/89\/897616\/resources\/36066570.JPG\" alt=\"\"\/><\/figure>\n\n\n\n<h1 class=\"wp-block-heading\">18. April 2015<\/h1>\n\n\n\n<p>TANGO AND MORE II<\/p>\n\n\n\n<p>Nach dem erfolgreichen Programm&nbsp;<strong>Tango and more&#8230;..<\/strong>&nbsp;von November 2013 f\u00fcr Klavier 4-h\u00e4ndig folgt nun der 2. Teil mit 2 Klavieren. Christina Bach und Dorothea Schridde spielen das Konzert in c-moll von J.S. Bach, die \u00e4u\u00dferst selten aufgef\u00fchrte Sonate von F. Poulenc, die Preludes von G. Gershwin, Le Grand Tango von A. Piazzolla und wieder 3 Tangos von Markus Horn. Alles an 2 wunderbaren Fl\u00fcgeln im Klavierhaus Klavins!!<\/p>\n\n\n\n<p>Klavierhaus Klavins, 18. April 2015, 19.30 Uhr, Auguststr. 26-28<\/p>\n\n\n\n<p>Eintritt: 12 \u20ac Erwachsene<\/p>\n\n\n\n<p>Kinder und Jugendliche frei.<\/p>\n\n\n\n<p><strong>KONZERTE 2014<\/strong><\/p>\n\n\n\n<h2 class=\"wp-block-heading\">&nbsp;10. Januar 2014<\/h2>\n\n\n\n<p>Tango and more<\/p>\n\n\n\n<p>TANGO. KLASSIK. Christina Bach und Dorothea Schridde sind seit Jahren musikalisch verbunden und pr\u00e4sentieren an diesem Abend ihr erfolgreiches Programm&nbsp;<strong>Tango and<\/strong><strong>more<\/strong>&nbsp;mit Werken von &nbsp;Gershwin, Debussy und Poulenc und nat\u00fcrlich Tangos von Astor Piazzolla. Die sind von Markus Horn (1972), der stilistisch im zeitgen\u00f6ssischen europ\u00e4ischen Jazz eingeordnet wird \u2013 brillant f\u00fcr das 4-h\u00e4ndige Klavier arrangiert und ausgearbeitet worden.<\/p>\n\n\n\n<p>Klavierhaus Klavins 10. Januar 2014 19.30 Uhr Auguststr. 26-28&nbsp;<\/p>\n\n\n\n<p>Eintritt: 12\u20ac \/Kinder bis 14 Jahre frei&nbsp;<\/p>\n\n\n\n<p><a href=\"http:\/\/www.klavierhaus-klavins.de\/veranstaltungen\/aktuelles-zukuenftiges.htm\">www.klavierhaus-klavins.de<\/a><\/p>\n\n\n\n<h2 class=\"wp-block-heading\">24. JANUAR 2014<\/h2>\n\n\n\n<p>Sei gegr\u00fc\u00dft Vater Rhein-die Rheinreise<\/p>\n\n\n\n<p>Christina Bach tritt gemeinsam mit Doris Meyer, Rezitation und Stephan Lindemeier, Bariton auf.&nbsp;<\/p>\n\n\n\n<p>Die Zuh\u00f6rer werden in diesem heiteren literarisch-musikalischem Programm auf eine imagin\u00e4re Rheinreise genommen.&nbsp; Die Musiker stellen den&nbsp; Vater aller deutschen Fl\u00fcsse in Literatur und Musik als den Fluss vor, der seit Jahrhunderten V\u00f6lker verbindet und bewegt. Viele Geschichten, Gedichte, gro\u00dfe Romane, Satiren, Lieder und Musikst\u00fcrcke ranken sich um ihn, sind ihm gewidmet oder durch ihn inspiriert.&nbsp;Und dass er auch in heutiger Zeit noch anzuregen vermag, zeigt Ihnen das Trio LiteraTON. Zu Wort kommen bei dieser Reise Dichte wie Heine, Zuckmayer, K\u00e4stner und B\u00f6ll. Karl Valentin am\u00fcsiert zum Beispiel mit einer Satire \u00fcber die Loreley! Lieder von Robert und Clara Schumann, Mahler, Mendelssohn-Bartholdy und Brahms erinnern an wundersch\u00f6ne Liebeserkl\u00e4rungen, St\u00fccke von Beethoven runden den Ausflug \u00fcber den Rehin ab. Nicht zuletzt dem &#8222;rheinischen Stempel&#8220;, den Bonn und K\u00f6ln ihrem Fluss zu verdanken haben, m\u00f6chte das Trio an diesem Abend Raum bieten.<\/p>\n\n\n\n<p>19.30 Uhr&nbsp;<\/p>\n\n\n\n<p>Bibliothek Dottendorf&nbsp;<\/p>\n\n\n\n<p>Dottendorfer Str. 41, 53129 Bonn<\/p>\n\n\n\n<p>&nbsp;0228\/776532<\/p>\n\n\n\n<p>Neujahrsempfang KultimO<\/p>\n\n\n\n<h2 class=\"wp-block-heading\">&nbsp;21. M\u00e4rz 2014&nbsp;<\/h2>\n\n\n\n<p><strong>5000 miles<\/strong><\/p>\n\n\n\n<p>of song<\/p>\n\n\n\n<p>&#8230;&#8230;FROM AMERICA WITH LOVE<\/p>\n\n\n\n<p>Christina und Madeline haben sich als Musikerinnen und Freundinnen 2009 kennengelernt als Christina mit ihrer Familie f\u00fcr 4 Jahre von Bonn nach Seattle, USA zog. Inzwischen wohnen die Beiden mehr als 5000 miles (8000 km) voneinander entfernt, aber das Band der Musik hat sie dazu bewogen, gemeinsam ein Konzert \u00fcber die Kontinente hinweg zu gestalten.&nbsp;<\/p>\n\n\n\n<p>Die Freundinnen haben die bekanntesten und sch\u00f6nsten amerikansichen Lieder ausgew\u00e4hlt. Zu h\u00f6ren sind u.a. Songs von<\/p>\n\n\n\n<p>Samuel Barber, Leonard Bernstein, Aaron Copland, George Gershwin, Cole Porter, etc.<br><\/p>\n\n\n\n<p>Madeline Bersamina, Sopran<\/p>\n\n\n\n<p>Christina Bach, Klavier<\/p>\n\n\n\n<p>Klavierhaus Klavins 21. M\u00e4rz 2014 19.30 Uhr, Auguststr. 26-28<\/p>\n\n\n\n<p><a href=\"http:\/\/www.klavierhaus-klavins.de\/veranstaltungen\/aktuelles-zukuenftiges.htm\">www.klavierhaus-klavins.de<\/a><\/p>\n\n\n\n<p>Eintritt 15 \u20ac \/ Kinder bis 14 Jahren frei<\/p>\n\n\n\n<figure class=\"wp-block-image\"><img decoding=\"async\" src=\"http:\/\/www.christinabach.com\/mediapool\/89\/897616\/resources\/31680747.jpg\" alt=\"\"\/><\/figure>\n\n\n\n<p>Unser virtueller Flyer:<\/p>\n\n\n\n<figure class=\"wp-block-embed\"><div class=\"wp-block-embed__wrapper\">\nhttp:\/\/prezi.com\/_gngm5tepj2t\/5000-miles\/?utm_campaign=share&#038;utm_medium=copy\n<\/div><\/figure>\n\n\n\n<p>Madeline Bersamina, Sopran<\/p>\n\n\n\n<h4 class=\"wp-block-heading\"><a href=\"http:\/\/www.madeline.musicteachershelper.com\/\"><br><\/a><a href=\"http:\/\/madeline.musicteachershelper.com\/\">www.madeline.musicteachershelper.com<\/a><\/h4>\n\n\n\n<p>Das Publikum beschreibt Madeline Bersamina&#8217;s Sopranstimme als brilliant, einf\u00fchlsam und ehrlich. Als vielseitige K\u00fcnstlerin reicht ihr Repertoire vom Barock bis hin zur zeitgen\u00f6ssichen Musik. Sie hat u.a. unter Maestro Hellmuth Rilling, Matthew Halls, Martin Alsop und Karen P. Thomas gesungen. Ihre Soloprogramme haben Madeline nach Kalifornien und Washington gef\u00fchrt. In Deutschland ist sie zum ersten Mal k\u00fcnstlerisch zu Besuch. Sie lebt mit Mann Richard und Katze Delphi in Seattle.<\/p>\n\n\n\n<h2 class=\"wp-block-heading\">6. April 2014<\/h2>\n\n\n\n<p>5000 miles&nbsp;<\/p>\n\n\n\n<p>of song<\/p>\n\n\n\n<p>&#8230;&#8230;FROM AMERICA WITH LOVE<\/p>\n\n\n\n<p>Madeline Bersamina, Sopran<\/p>\n\n\n\n<p>Christina Bach, Klavier<\/p>\n\n\n\n<p>Heimatverein Aldekerk\/Niederrhein 6. April 2014, 18.00Uhr &nbsp;&nbsp;<br><\/p>\n\n\n\n<p>info@heimatverein-aldekerk.de<\/p>\n\n\n\n<p>02833\/4558<\/p>\n\n\n\n<h2 class=\"wp-block-heading\">29.11.2014<\/h2>\n\n\n\n<p>Tango and more II<\/p>\n\n\n\n<p>Nach dem erfolgreichen Programm Tango and more&#8230;.vom letzten Jahr folgt nun die Fortsetzung auf 2 Klavieren. Christina Bach und Dorothea Schridde spielen Werke von J.S. Bach, F. Poulenc, A. Piazzolla und M. Horn (mehr Info s. u. )<br><\/p>\n\n\n\n<p>Hauskonzert privat in Bonn.<\/p>\n\n\n\n<p>Einladung auf Anfrage.&nbsp;<\/p>\n\n\n\n<p>R\u00fcckblick Konzerte in Deutschland 2013<\/p>\n\n\n\n<h2 class=\"wp-block-heading\">Martin Palmeris Tangomesse &#8222;Misa a Buenos Aires&#8220; in der Lutherkirche 20. September 2013<\/h2>\n\n\n\n<p>Die Kantorei der Lutherkirche unter Leitung von Berthold Wicke l\u00e4dt zu ihrer Auff\u00fchrung der Tango-Messe&nbsp;&#8222;Misa a Buenos Aires&#8220; am&nbsp;Freitag,&nbsp;20. September 2013,&nbsp;um 20.00 Uhr&nbsp;in die&nbsp;Lutherkirche in der Bonner S\u00fcdstadt ein.<\/p>\n\n\n\n<figure class=\"wp-block-image\"><img decoding=\"async\" src=\"http:\/\/www.lutherkirche-bonn.de\/Bilderintern\/Tangomesse180.jpg\" alt=\"Gewohnte Grenzen sprengen: Tango in der Lutherkirche (Bild: Wicke)\"\/><\/figure>\n\n\n\n<figure class=\"wp-block-image\"><img decoding=\"async\" src=\"http:\/\/www.lutherkirche-bonn.de\/Bilderintern\/lupe.gif\" alt=\"Lupe\"\/><\/figure>\n\n\n\n<p><a href=\"http:\/\/www.lutherkirche-bonn.de\/Bilderintern\/Tangomesse_rdax_800x896.jpg\"><\/a><a href=\"http:\/\/www.lutherkirche-bonn.de\/Bilderintern\/Tangomesse_rdax_800x896.jpg\"><\/a>Gewohnte Grenzen sprengen: Tango in der Lutherkirche (Bild: Wicke)<\/p>\n\n\n\n<p>&#8222;Der klassische Text der Messliturgie und leidenschaftlicher Tango-Rhythmus verbinden sich in dem Werk von Martin Palmeris zu einem glutvollen Pl\u00e4doyer f\u00fcr eine Kirchenmusik, die gewohnte Grenzen sprengt&#8220;, erkl\u00e4rt Kantor Berthold Wicke, der die Auff\u00fchrung inszeniert und leitet. Neben Palmeri erklingen auch bekannte St\u00fccke von Ravel und Piazolla in neuem Gewand, auch sie voller s\u00fcdamerikanischem Temperament. In dieser Zusammenstellung und an diesem besonderen Ort, der Lutherkirche, erwartet&nbsp;die Besucher&nbsp;eine ganz besondere musikalische wie sinnliche Erfahrung.<\/p>\n\n\n\n<h3 class=\"wp-block-heading\">Das ganze Programm in der \u00dcbersicht:<\/h3>\n\n\n\n<p>Maurice Ravel:&nbsp;&#8222;Bol\u00e9ro&#8220; f\u00fcr Orgel vierh\u00e4ndig und Schlagzeug<br>Markus Horn:&nbsp;Variationen \u00fcber &#8222;Libertango&#8220; von Astor Piazolla f\u00fcr Klavier vierh\u00e4ndig<br>Martin Palmeri:&nbsp;Misa a Buenos Aires<\/p>\n\n\n\n<h3 class=\"wp-block-heading\">Mitwirkende:<\/h3>\n\n\n\n<p>Christina K\u00fchne&nbsp;(Sopran)<br>Tatyana Lewina&nbsp;und&nbsp;Berthold Wicke&nbsp;(Orgel)<br>Dorothea Schridde&nbsp;und&nbsp;Christina Bach&nbsp;(Klavier)<br>Davd Rittel&nbsp;(Schlagzeug)<br>Stephan Langenberg&nbsp;(Bandoneon)<br>Konstantin Gockel&nbsp;und&nbsp;Antje Vetter&nbsp;(Violine)<br>Maria Linnemann&nbsp;(Viola)<br>Bernd Zapp&nbsp;(Violoncello)<br>Clemens Mertes&nbsp;(Kontrabass)<br>Kantorei der Lutherkirche&nbsp;Berthold Wicke&nbsp;(Leitung)<\/p>\n\n\n\n<h3 class=\"wp-block-heading\">Zeit &amp; Ort:<\/h3>\n\n\n\n<p>Freitag, 20. September 2013<br>20.00 Uhr<\/p>\n\n\n\n<p>Evangelische Lutherkirche Bonn<br>Reuterstra\u00dfe 11<br>53115 Bonn<\/p>\n\n\n\n<p>Eintritt:&nbsp;15 \u20ac \/ 10 \u20ac<br>Abendkasse<br>Vorbestellung: Gemeindeb\u00fcro<br>Kurf\u00fcrstenstr. 20a, 53115 Bonn (Tel. 0228 \/ 21 99 59)<\/p>\n\n\n\n<p>Weitere Infos:&nbsp;<a href=\"http:\/\/www.lutherkirche-bonn.de\/\">www.lutherkirche-bonn.de<\/a><\/p>\n\n\n\n<h2 class=\"wp-block-heading\">5. Oktober 2013, 21.00 Uhr Eglise Notre Dame<\/h2>\n\n\n\n<h2 class=\"wp-block-heading\">Neufchatel-en-Bray, Frankreich<\/h2>\n\n\n\n<h3 class=\"wp-block-heading\">9. November 2013<\/h3>\n\n\n\n<p>Tango and more<\/p>\n\n\n\n<p>Musik in den H\u00e4usern der Stadt<\/p>\n\n\n\n<p>Christina Bach und Dorothea Schridde<br><\/p>\n\n\n\n<p>Musik f\u00fcr Klavier 4 h\u00e4ndig<\/p>\n\n\n\n<p>Christina Bach und Dorothea Schridde pr\u00e4sentieren ihr Lieblingsprogramm mit Werken von Debussy, Poulenc, Gershwin und Tangos von Piazzolla (arr. Markus Horn).<br><\/p>\n\n\n\n<p>Wann: 9.11.2013 um 17.00Uhr<\/p>\n\n\n\n<p>Wo: Am Quirinusbrunnen 14b, 53129 Bonn<\/p>\n\n\n\n<p>Veranstalter: Kunstsalon K\u00f6ln<\/p>\n\n\n\n<p><a href=\"http:\/\/kunstsalon.de\/\">www.kunstsalon.de<br><\/a><\/p>\n\n\n\n<p><\/p>\n\n\n\n<blockquote class=\"wp-block-quote is-layout-flow wp-block-quote-is-layout-flow\">\n<p><\/p>\n<\/blockquote>\n\n\n\n<p><\/p>\n\n\n\n<blockquote class=\"wp-block-quote is-layout-flow wp-block-quote-is-layout-flow\">\n<p><\/p>\n<\/blockquote>\n\n\n\n<p><\/p>\n","protected":false},"excerpt":{"rendered":"<p>Freitag, 30. Januar 2026, 19.30 Uhr RAUM F\u00dcR KULTUR Harscampstr. 52b, 52062 Freitag, 31. Oktober, 20 Uhr RAUM F\u00dcR KULTUR Harscampstr. 52 b, 52062 Aachen Eintritt frei http:\/\/raum-fuer-kultur.eu QUERBEET 4-h\u00e4ndige Klaviermusik von der Romantik bis Tango mit dem Klavierduo Christina Bach und Dorothea Schridde Seit bald 20 Jahren verbindet die beiden Pianistinnen eine fruchtbare musikalische &hellip; <\/p>\n<p class=\"link-more\"><a href=\"https:\/\/christinabach.com\/?page_id=8\" class=\"more-link\"><span class=\"screen-reader-text\">\u201eKonzerte\u201c<\/span> weiterlesen<\/a><\/p>\n","protected":false},"author":1,"featured_media":80,"parent":0,"menu_order":0,"comment_status":"closed","ping_status":"closed","template":"","meta":{"footnotes":""},"class_list":["post-8","page","type-page","status-publish","has-post-thumbnail","hentry"],"yoast_head":"<!-- This site is optimized with the Yoast SEO plugin v24.1 - https:\/\/yoast.com\/wordpress\/plugins\/seo\/ -->\n<title>Konzerte - Christina Bach<\/title>\n<meta name=\"description\" content=\"Klavierkonzerte in Bad Honnef und Umgebung: Von Brucknersymphonien zu acht H\u00e4nden bis zu Tangos im Duett. Erleben Sie musikalische Vielfalt, Solo, Duo oder Trio\" \/>\n<meta name=\"robots\" content=\"index, follow, max-snippet:-1, max-image-preview:large, max-video-preview:-1\" \/>\n<link rel=\"canonical\" href=\"https:\/\/christinabach.com\/?page_id=8\" \/>\n<meta property=\"og:locale\" content=\"de_DE\" \/>\n<meta property=\"og:type\" content=\"article\" \/>\n<meta property=\"og:title\" content=\"Konzerte - Christina Bach\" \/>\n<meta property=\"og:description\" content=\"Klavierkonzerte in Bad Honnef und Umgebung: Von Brucknersymphonien zu acht H\u00e4nden bis zu Tangos im Duett. Erleben Sie musikalische Vielfalt, Solo, Duo oder Trio\" \/>\n<meta property=\"og:url\" content=\"https:\/\/christinabach.com\/?page_id=8\" \/>\n<meta property=\"og:site_name\" content=\"Christina Bach\" \/>\n<meta property=\"article:modified_time\" content=\"2026-01-29T13:03:02+00:00\" \/>\n<meta name=\"twitter:card\" content=\"summary_large_image\" \/>\n<meta name=\"twitter:label1\" content=\"Gesch\u00e4tzte Lesezeit\" \/>\n\t<meta name=\"twitter:data1\" content=\"27\u00a0Minuten\" \/>\n<script type=\"application\/ld+json\" class=\"yoast-schema-graph\">{\"@context\":\"https:\/\/schema.org\",\"@graph\":[{\"@type\":\"WebPage\",\"@id\":\"https:\/\/christinabach.com\/?page_id=8\",\"url\":\"https:\/\/christinabach.com\/?page_id=8\",\"name\":\"Konzerte - Christina Bach\",\"isPartOf\":{\"@id\":\"https:\/\/christinabach.com\/#website\"},\"primaryImageOfPage\":{\"@id\":\"https:\/\/christinabach.com\/?page_id=8#primaryimage\"},\"image\":{\"@id\":\"https:\/\/christinabach.com\/?page_id=8#primaryimage\"},\"thumbnailUrl\":\"\",\"datePublished\":\"2019-07-23T17:25:05+00:00\",\"dateModified\":\"2026-01-29T13:03:02+00:00\",\"description\":\"Klavierkonzerte in Bad Honnef und Umgebung: Von Brucknersymphonien zu acht H\u00e4nden bis zu Tangos im Duett. Erleben Sie musikalische Vielfalt, Solo, Duo oder Trio\",\"breadcrumb\":{\"@id\":\"https:\/\/christinabach.com\/?page_id=8#breadcrumb\"},\"inLanguage\":\"de\",\"potentialAction\":[{\"@type\":\"ReadAction\",\"target\":[\"https:\/\/christinabach.com\/?page_id=8\"]}]},{\"@type\":\"ImageObject\",\"inLanguage\":\"de\",\"@id\":\"https:\/\/christinabach.com\/?page_id=8#primaryimage\",\"url\":\"\",\"contentUrl\":\"\"},{\"@type\":\"BreadcrumbList\",\"@id\":\"https:\/\/christinabach.com\/?page_id=8#breadcrumb\",\"itemListElement\":[{\"@type\":\"ListItem\",\"position\":1,\"name\":\"Startseite\",\"item\":\"https:\/\/christinabach.com\/\"},{\"@type\":\"ListItem\",\"position\":2,\"name\":\"Konzerte\"}]},{\"@type\":\"WebSite\",\"@id\":\"https:\/\/christinabach.com\/#website\",\"url\":\"https:\/\/christinabach.com\/\",\"name\":\"Christina Bach\",\"description\":\"Musikerin. Pianistin. Musikp\u00e4dagogin. \",\"potentialAction\":[{\"@type\":\"SearchAction\",\"target\":{\"@type\":\"EntryPoint\",\"urlTemplate\":\"https:\/\/christinabach.com\/?s={search_term_string}\"},\"query-input\":{\"@type\":\"PropertyValueSpecification\",\"valueRequired\":true,\"valueName\":\"search_term_string\"}}],\"inLanguage\":\"de\"}]}<\/script>\n<!-- \/ Yoast SEO plugin. -->","yoast_head_json":{"title":"Konzerte - Christina Bach","description":"Klavierkonzerte in Bad Honnef und Umgebung: Von Brucknersymphonien zu acht H\u00e4nden bis zu Tangos im Duett. Erleben Sie musikalische Vielfalt, Solo, Duo oder Trio","robots":{"index":"index","follow":"follow","max-snippet":"max-snippet:-1","max-image-preview":"max-image-preview:large","max-video-preview":"max-video-preview:-1"},"canonical":"https:\/\/christinabach.com\/?page_id=8","og_locale":"de_DE","og_type":"article","og_title":"Konzerte - Christina Bach","og_description":"Klavierkonzerte in Bad Honnef und Umgebung: Von Brucknersymphonien zu acht H\u00e4nden bis zu Tangos im Duett. Erleben Sie musikalische Vielfalt, Solo, Duo oder Trio","og_url":"https:\/\/christinabach.com\/?page_id=8","og_site_name":"Christina Bach","article_modified_time":"2026-01-29T13:03:02+00:00","twitter_card":"summary_large_image","twitter_misc":{"Gesch\u00e4tzte Lesezeit":"27\u00a0Minuten"},"schema":{"@context":"https:\/\/schema.org","@graph":[{"@type":"WebPage","@id":"https:\/\/christinabach.com\/?page_id=8","url":"https:\/\/christinabach.com\/?page_id=8","name":"Konzerte - Christina Bach","isPartOf":{"@id":"https:\/\/christinabach.com\/#website"},"primaryImageOfPage":{"@id":"https:\/\/christinabach.com\/?page_id=8#primaryimage"},"image":{"@id":"https:\/\/christinabach.com\/?page_id=8#primaryimage"},"thumbnailUrl":"","datePublished":"2019-07-23T17:25:05+00:00","dateModified":"2026-01-29T13:03:02+00:00","description":"Klavierkonzerte in Bad Honnef und Umgebung: Von Brucknersymphonien zu acht H\u00e4nden bis zu Tangos im Duett. Erleben Sie musikalische Vielfalt, Solo, Duo oder Trio","breadcrumb":{"@id":"https:\/\/christinabach.com\/?page_id=8#breadcrumb"},"inLanguage":"de","potentialAction":[{"@type":"ReadAction","target":["https:\/\/christinabach.com\/?page_id=8"]}]},{"@type":"ImageObject","inLanguage":"de","@id":"https:\/\/christinabach.com\/?page_id=8#primaryimage","url":"","contentUrl":""},{"@type":"BreadcrumbList","@id":"https:\/\/christinabach.com\/?page_id=8#breadcrumb","itemListElement":[{"@type":"ListItem","position":1,"name":"Startseite","item":"https:\/\/christinabach.com\/"},{"@type":"ListItem","position":2,"name":"Konzerte"}]},{"@type":"WebSite","@id":"https:\/\/christinabach.com\/#website","url":"https:\/\/christinabach.com\/","name":"Christina Bach","description":"Musikerin. Pianistin. Musikp\u00e4dagogin. ","potentialAction":[{"@type":"SearchAction","target":{"@type":"EntryPoint","urlTemplate":"https:\/\/christinabach.com\/?s={search_term_string}"},"query-input":{"@type":"PropertyValueSpecification","valueRequired":true,"valueName":"search_term_string"}}],"inLanguage":"de"}]}},"_links":{"self":[{"href":"https:\/\/christinabach.com\/index.php?rest_route=\/wp\/v2\/pages\/8","targetHints":{"allow":["GET"]}}],"collection":[{"href":"https:\/\/christinabach.com\/index.php?rest_route=\/wp\/v2\/pages"}],"about":[{"href":"https:\/\/christinabach.com\/index.php?rest_route=\/wp\/v2\/types\/page"}],"author":[{"embeddable":true,"href":"https:\/\/christinabach.com\/index.php?rest_route=\/wp\/v2\/users\/1"}],"replies":[{"embeddable":true,"href":"https:\/\/christinabach.com\/index.php?rest_route=%2Fwp%2Fv2%2Fcomments&post=8"}],"version-history":[{"count":39,"href":"https:\/\/christinabach.com\/index.php?rest_route=\/wp\/v2\/pages\/8\/revisions"}],"predecessor-version":[{"id":241,"href":"https:\/\/christinabach.com\/index.php?rest_route=\/wp\/v2\/pages\/8\/revisions\/241"}],"wp:featuredmedia":[{"embeddable":true,"href":"https:\/\/christinabach.com\/index.php?rest_route=\/"}],"wp:attachment":[{"href":"https:\/\/christinabach.com\/index.php?rest_route=%2Fwp%2Fv2%2Fmedia&parent=8"}],"curies":[{"name":"wp","href":"https:\/\/api.w.org\/{rel}","templated":true}]}}